{"id":68,"date":"2022-09-19T23:26:26","date_gmt":"2022-09-20T02:26:26","guid":{"rendered":"https:\/\/transformare.direito.ufmg.br\/?page_id=68"},"modified":"2025-06-26T08:49:20","modified_gmt":"2025-06-26T11:49:20","slug":"quem-somos","status":"publish","type":"page","link":"https:\/\/transformare.direito.ufmg.br\/?page_id=68","title":{"rendered":"Quem Somos"},"content":{"rendered":"\n<h2 class=\"wp-block-heading\">Transformare<\/h2>\n\n\n\n<p>A&nbsp;<strong>Transformare Consultoria<\/strong>&nbsp;\u00e9 a empresa j\u00fanior vinculada ao curso de <strong>Ci\u00eancias do Estado da Universidade Federal de Minas Gerais (UFMG). <\/strong>Gerida exclusivamente por estudantes do curso, a empresa \u00e9 orientada por professores da UFMG e por profissionais egressos da \u00e1rea, que auxiliam na estrutura\u00e7\u00e3o de projetos e na presta\u00e7\u00e3o de servi\u00e7os. O principal objetivo da Transformare \u00e9 integrar a forma\u00e7\u00e3o te\u00f3rica dos discentes \u00e0 experi\u00eancia pr\u00e1tica, preparando-os de forma qualificada para o mercado de trabalho.<\/p>\n\n\n\n<p>A Transformare oferece solu\u00e7\u00f5es inovadoras, produtos diversificados e capacita\u00e7\u00f5es de alta qualidade, sempre fundamentadas nos princ\u00edpios da administra\u00e7\u00e3o p\u00fablica previstos no Art. 37 da Constitui\u00e7\u00e3o Federal:&nbsp;<strong>legalidade, impessoalidade, moralidade, publicidade e efici\u00eancia<\/strong>. Al\u00e9m disso, por ser tamb\u00e9m um projeto de extens\u00e3o discente, a empresa promove uma abordagem transdisciplinar, fomentando o di\u00e1logo entre a comunidade acad\u00eamica e diversos setores da sociedade civil.<\/p>\n\n\n\n<p>Considerando a abrang\u00eancia do curso de Ci\u00eancias do Estado, a Transformare Consultoria presta servi\u00e7os para os tr\u00eas setores:&nbsp;<strong>setor p\u00fablico, iniciativa privada e Organiza\u00e7\u00f5es da Sociedade Civil (OSCs)<\/strong>. Dessa forma, contribui para a forma\u00e7\u00e3o de profissionais comprometidos com a excel\u00eancia, a \u00e9tica e a inova\u00e7\u00e3o no campo das ci\u00eancias do Estado.<\/p>\n\n\n\n<div style=\"height:25px\" aria-hidden=\"true\" class=\"wp-block-spacer\"><\/div>\n\n\n<div class=\"aligncenter wp-block-site-logo\"><a href=\"https:\/\/transformare.direito.ufmg.br\/\" class=\"custom-logo-link\" rel=\"home\"><img decoding=\"async\" width=\"126\" height=\"111\" src=\"https:\/\/transformare.direito.ufmg.br\/wp-content\/uploads\/2022\/09\/cropped-cropped-LOGOMARCA-OFICIAL-1-1.png\" class=\"custom-logo\" alt=\"Transformare Consultoria Jr.\" srcset=\"https:\/\/transformare.direito.ufmg.br\/wp-content\/uploads\/2022\/09\/cropped-cropped-LOGOMARCA-OFICIAL-1-1.png 1199w, https:\/\/transformare.direito.ufmg.br\/wp-content\/uploads\/2022\/09\/cropped-cropped-LOGOMARCA-OFICIAL-1-1-300x266.png 300w, https:\/\/transformare.direito.ufmg.br\/wp-content\/uploads\/2022\/09\/cropped-cropped-LOGOMARCA-OFICIAL-1-1-1024x908.png 1024w, https:\/\/transformare.direito.ufmg.br\/wp-content\/uploads\/2022\/09\/cropped-cropped-LOGOMARCA-OFICIAL-1-1-768x681.png 768w\" sizes=\"(max-width: 126px) 100vw, 126px\" \/><\/a><\/div>\n\n\n<div style=\"height:26px\" aria-hidden=\"true\" class=\"wp-block-spacer\"><\/div>\n\n\n\n<h1 class=\"wp-block-heading\">                                               <em>Nosso time<\/em><\/h1>\n\n\n\n<div class=\"wp-block-columns is-layout-flex wp-container-core-columns-is-layout-28f84493 wp-block-columns-is-layout-flex\">\n<div class=\"wp-block-column is-layout-flow wp-block-column-is-layout-flow\">\n<p class=\"has-small-font-size\"><\/p>\n<\/div>\n<\/div>\n\n\n\n<h2 class=\"wp-block-heading\"><em>Presid\u00eancia e Vice-presid\u00eancia<\/em><\/h2>\n\n\n\n<p><\/p>\n\n\n\n<div class=\"wp-block-group\"><div class=\"wp-block-group__inner-container is-layout-flow wp-block-group-is-layout-flow\">\n<div class=\"wp-block-group is-nowrap is-layout-flex wp-container-core-group-is-layout-6c531013 wp-block-group-is-layout-flex\">\n<div class=\"wp-block-media-text is-stacked-on-mobile\" style=\"grid-template-columns:39% auto\"><figure class=\"wp-block-media-text__media\"><img fetchpriority=\"high\" decoding=\"async\" width=\"640\" height=\"640\" src=\"https:\/\/transformare.direito.ufmg.br\/wp-content\/uploads\/2025\/05\/Foto-Joao-Pedro-Nobre-atualizado-4.jpeg\" alt=\"Jo\u00e3o Pedro Nobre Presidente Transformare 2025\" class=\"wp-image-644 size-full\" srcset=\"https:\/\/transformare.direito.ufmg.br\/wp-content\/uploads\/2025\/05\/Foto-Joao-Pedro-Nobre-atualizado-4.jpeg 640w, https:\/\/transformare.direito.ufmg.br\/wp-content\/uploads\/2025\/05\/Foto-Joao-Pedro-Nobre-atualizado-4-300x300.jpeg 300w, https:\/\/transformare.direito.ufmg.br\/wp-content\/uploads\/2025\/05\/Foto-Joao-Pedro-Nobre-atualizado-4-150x150.jpeg 150w\" sizes=\"(max-width: 640px) 100vw, 640px\" \/><\/figure><div class=\"wp-block-media-text__content\">\n<p><\/p>\n\n\n\n<h4 class=\"wp-block-heading\"><\/h4>\n\n\n\n<h2 class=\"wp-block-heading\">Jo\u00e3o Pedro Nobre<\/h2>\n\n\n\n<p>Presidente<\/p>\n<\/div><\/div>\n<\/div>\n\n\n\n<div class=\"wp-block-group is-nowrap is-layout-flex wp-container-core-group-is-layout-6c531013 wp-block-group-is-layout-flex\">\n<div class=\"wp-block-media-text is-stacked-on-mobile\" style=\"grid-template-columns:39% auto\"><figure class=\"wp-block-media-text__media\"><img decoding=\"async\" width=\"640\" height=\"640\" src=\"https:\/\/transformare.direito.ufmg.br\/wp-content\/uploads\/2025\/05\/Foto-Atalyn-atualizada-3.jpeg\" alt=\"\u00c1talyn Julia- Vice Presidente Transformare 2025\" class=\"wp-image-645 size-full\" srcset=\"https:\/\/transformare.direito.ufmg.br\/wp-content\/uploads\/2025\/05\/Foto-Atalyn-atualizada-3.jpeg 640w, https:\/\/transformare.direito.ufmg.br\/wp-content\/uploads\/2025\/05\/Foto-Atalyn-atualizada-3-300x300.jpeg 300w, https:\/\/transformare.direito.ufmg.br\/wp-content\/uploads\/2025\/05\/Foto-Atalyn-atualizada-3-150x150.jpeg 150w\" sizes=\"(max-width: 640px) 100vw, 640px\" \/><\/figure><div class=\"wp-block-media-text__content\">\n<h4 class=\"wp-block-heading\"><\/h4>\n\n\n\n<h2 class=\"wp-block-heading\">\u00c1talyn Julia<\/h2>\n\n\n\n<p class=\"has-text-align-left\"> Vice-Presidenta<\/p>\n<\/div><\/div>\n\n\n\n<h2 class=\"wp-block-heading\"><br><\/h2>\n<\/div>\n\n\n\n<p><strong> <\/strong><\/p>\n\n\n\n<p><\/p>\n\n\n\n<h2 class=\"wp-block-heading has-text-align-center\"><em>Diretoria de Marketing- DMKT<\/em><\/h2>\n\n\n\n<div class=\"wp-block-media-text is-stacked-on-mobile\" style=\"grid-template-columns:39% auto\"><figure class=\"wp-block-media-text__media\"><img loading=\"lazy\" decoding=\"async\" width=\"640\" height=\"640\" src=\"https:\/\/transformare.direito.ufmg.br\/wp-content\/uploads\/2025\/05\/Foto-julia-miranda-atualizada.jpeg\" alt=\"\" class=\"wp-image-669 size-full\" srcset=\"https:\/\/transformare.direito.ufmg.br\/wp-content\/uploads\/2025\/05\/Foto-julia-miranda-atualizada.jpeg 640w, https:\/\/transformare.direito.ufmg.br\/wp-content\/uploads\/2025\/05\/Foto-julia-miranda-atualizada-300x300.jpeg 300w, https:\/\/transformare.direito.ufmg.br\/wp-content\/uploads\/2025\/05\/Foto-julia-miranda-atualizada-150x150.jpeg 150w\" sizes=\"(max-width: 640px) 100vw, 640px\" \/><\/figure><div class=\"wp-block-media-text__content\">\n<h2 class=\"wp-block-heading\">J\u00falia Miranda<\/h2>\n\n\n\n<p>Diretora<\/p>\n<\/div><\/div>\n\n\n\n<div class=\"wp-block-media-text is-stacked-on-mobile\" style=\"grid-template-columns:39% auto\"><figure class=\"wp-block-media-text__media\"><img loading=\"lazy\" decoding=\"async\" width=\"640\" height=\"640\" src=\"https:\/\/transformare.direito.ufmg.br\/wp-content\/uploads\/2025\/05\/Foto-Gabriel-atualizada.jpeg\" alt=\"\" class=\"wp-image-741 size-full\" srcset=\"https:\/\/transformare.direito.ufmg.br\/wp-content\/uploads\/2025\/05\/Foto-Gabriel-atualizada.jpeg 640w, https:\/\/transformare.direito.ufmg.br\/wp-content\/uploads\/2025\/05\/Foto-Gabriel-atualizada-300x300.jpeg 300w, https:\/\/transformare.direito.ufmg.br\/wp-content\/uploads\/2025\/05\/Foto-Gabriel-atualizada-150x150.jpeg 150w\" sizes=\"(max-width: 640px) 100vw, 640px\" \/><\/figure><div class=\"wp-block-media-text__content\">\n<h2 class=\"wp-block-heading\">Gabriel Serra<\/h2>\n\n\n\n<p>Assessor<\/p>\n<\/div><\/div>\n\n\n\n<div class=\"wp-block-media-text is-stacked-on-mobile\" style=\"grid-template-columns:39% auto\"><figure class=\"wp-block-media-text__media\"><img loading=\"lazy\" decoding=\"async\" width=\"640\" height=\"640\" src=\"https:\/\/transformare.direito.ufmg.br\/wp-content\/uploads\/2025\/05\/Foto-Ana-Clara-atualizada.jpeg\" alt=\"\" class=\"wp-image-649 size-full\" srcset=\"https:\/\/transformare.direito.ufmg.br\/wp-content\/uploads\/2025\/05\/Foto-Ana-Clara-atualizada.jpeg 640w, https:\/\/transformare.direito.ufmg.br\/wp-content\/uploads\/2025\/05\/Foto-Ana-Clara-atualizada-300x300.jpeg 300w, https:\/\/transformare.direito.ufmg.br\/wp-content\/uploads\/2025\/05\/Foto-Ana-Clara-atualizada-150x150.jpeg 150w\" sizes=\"(max-width: 640px) 100vw, 640px\" \/><\/figure><div class=\"wp-block-media-text__content\">\n<h2 class=\"wp-block-heading\">Ana Clara Carvalho<\/h2>\n\n\n\n<p>Assessora<\/p>\n<\/div><\/div>\n\n\n\n<p><\/p>\n<\/div><\/div>\n\n\n\n<div class=\"wp-block-group\"><div class=\"wp-block-group__inner-container is-layout-flow wp-block-group-is-layout-flow\">\n<div class=\"wp-block-media-text is-stacked-on-mobile\" style=\"grid-template-columns:39% auto\"><figure class=\"wp-block-media-text__media\"><img loading=\"lazy\" decoding=\"async\" width=\"640\" height=\"640\" src=\"https:\/\/transformare.direito.ufmg.br\/wp-content\/uploads\/2025\/05\/Foto-Camila-atualizada.jpeg\" alt=\"\" class=\"wp-image-650 size-full\" srcset=\"https:\/\/transformare.direito.ufmg.br\/wp-content\/uploads\/2025\/05\/Foto-Camila-atualizada.jpeg 640w, https:\/\/transformare.direito.ufmg.br\/wp-content\/uploads\/2025\/05\/Foto-Camila-atualizada-300x300.jpeg 300w, https:\/\/transformare.direito.ufmg.br\/wp-content\/uploads\/2025\/05\/Foto-Camila-atualizada-150x150.jpeg 150w\" sizes=\"(max-width: 640px) 100vw, 640px\" \/><\/figure><div class=\"wp-block-media-text__content\">\n<h2 class=\"wp-block-heading\">Camila Rangel<\/h2>\n\n\n\n<p>Assessora <\/p>\n<\/div><\/div>\n\n\n\n<div class=\"wp-block-media-text is-stacked-on-mobile\" style=\"grid-template-columns:39% auto\"><figure class=\"wp-block-media-text__media\"><img loading=\"lazy\" decoding=\"async\" width=\"640\" height=\"640\" src=\"https:\/\/transformare.direito.ufmg.br\/wp-content\/uploads\/2025\/05\/Foto-Julia-Concalves-atualizada.jpeg\" alt=\"\" class=\"wp-image-651 size-full\" srcset=\"https:\/\/transformare.direito.ufmg.br\/wp-content\/uploads\/2025\/05\/Foto-Julia-Concalves-atualizada.jpeg 640w, https:\/\/transformare.direito.ufmg.br\/wp-content\/uploads\/2025\/05\/Foto-Julia-Concalves-atualizada-300x300.jpeg 300w, https:\/\/transformare.direito.ufmg.br\/wp-content\/uploads\/2025\/05\/Foto-Julia-Concalves-atualizada-150x150.jpeg 150w\" sizes=\"(max-width: 640px) 100vw, 640px\" \/><\/figure><div class=\"wp-block-media-text__content\">\n<h2 class=\"wp-block-heading\">Julia Gon\u00e7alves<\/h2>\n\n\n\n<p>Assessora<\/p>\n<\/div><\/div>\n\n\n\n<h2 class=\"wp-block-heading has-text-align-center\"><em>Diretoria de Projetos &#8211; DPROJ<\/em><\/h2>\n\n\n\n<div class=\"wp-block-media-text is-stacked-on-mobile\" style=\"grid-template-columns:39% auto\"><figure class=\"wp-block-media-text__media\"><img loading=\"lazy\" decoding=\"async\" width=\"640\" height=\"640\" src=\"https:\/\/transformare.direito.ufmg.br\/wp-content\/uploads\/2025\/05\/Foto-Higor-atualizada-2.jpeg\" alt=\"\" class=\"wp-image-670 size-full\" srcset=\"https:\/\/transformare.direito.ufmg.br\/wp-content\/uploads\/2025\/05\/Foto-Higor-atualizada-2.jpeg 640w, https:\/\/transformare.direito.ufmg.br\/wp-content\/uploads\/2025\/05\/Foto-Higor-atualizada-2-300x300.jpeg 300w, https:\/\/transformare.direito.ufmg.br\/wp-content\/uploads\/2025\/05\/Foto-Higor-atualizada-2-150x150.jpeg 150w\" sizes=\"(max-width: 640px) 100vw, 640px\" \/><\/figure><div class=\"wp-block-media-text__content\">\n<h2 class=\"wp-block-heading\">Higor Rodrigues<\/h2>\n\n\n\n<p>Diretor<\/p>\n<\/div><\/div>\n\n\n\n<div class=\"wp-block-media-text is-stacked-on-mobile\" style=\"grid-template-columns:39% auto\"><figure class=\"wp-block-media-text__media\"><img loading=\"lazy\" decoding=\"async\" width=\"640\" height=\"640\" src=\"https:\/\/transformare.direito.ufmg.br\/wp-content\/uploads\/2025\/05\/Foto-Anne-atualizada.jpeg\" alt=\"\" class=\"wp-image-672 size-full\" srcset=\"https:\/\/transformare.direito.ufmg.br\/wp-content\/uploads\/2025\/05\/Foto-Anne-atualizada.jpeg 640w, https:\/\/transformare.direito.ufmg.br\/wp-content\/uploads\/2025\/05\/Foto-Anne-atualizada-300x300.jpeg 300w, https:\/\/transformare.direito.ufmg.br\/wp-content\/uploads\/2025\/05\/Foto-Anne-atualizada-150x150.jpeg 150w\" sizes=\"(max-width: 640px) 100vw, 640px\" \/><\/figure><div class=\"wp-block-media-text__content\">\n<h2 class=\"wp-block-heading\">Anne Tavares<\/h2>\n\n\n\n<p>Assessora<\/p>\n<\/div><\/div>\n\n\n\n<div class=\"wp-block-media-text is-stacked-on-mobile\" style=\"grid-template-columns:39% auto\"><figure class=\"wp-block-media-text__media\"><img loading=\"lazy\" decoding=\"async\" width=\"636\" height=\"640\" src=\"https:\/\/transformare.direito.ufmg.br\/wp-content\/uploads\/2025\/05\/Foto-Djulyn-atualizada-4.jpeg\" alt=\"\" class=\"wp-image-723 size-full\" srcset=\"https:\/\/transformare.direito.ufmg.br\/wp-content\/uploads\/2025\/05\/Foto-Djulyn-atualizada-4.jpeg 636w, https:\/\/transformare.direito.ufmg.br\/wp-content\/uploads\/2025\/05\/Foto-Djulyn-atualizada-4-298x300.jpeg 298w, https:\/\/transformare.direito.ufmg.br\/wp-content\/uploads\/2025\/05\/Foto-Djulyn-atualizada-4-150x150.jpeg 150w\" sizes=\"(max-width: 636px) 100vw, 636px\" \/><\/figure><div class=\"wp-block-media-text__content\">\n<h2 class=\"wp-block-heading\">Djulyn De Assis<\/h2>\n\n\n\n<p>Assessora<\/p>\n<\/div><\/div>\n\n\n\n<div class=\"wp-block-media-text is-stacked-on-mobile\" style=\"grid-template-columns:39% auto\"><figure class=\"wp-block-media-text__media\"><img loading=\"lazy\" decoding=\"async\" width=\"640\" height=\"640\" src=\"https:\/\/transformare.direito.ufmg.br\/wp-content\/uploads\/2025\/05\/Foto-Gabi-Pessoa-atualizada.jpeg\" alt=\"\" class=\"wp-image-671 size-full\" srcset=\"https:\/\/transformare.direito.ufmg.br\/wp-content\/uploads\/2025\/05\/Foto-Gabi-Pessoa-atualizada.jpeg 640w, https:\/\/transformare.direito.ufmg.br\/wp-content\/uploads\/2025\/05\/Foto-Gabi-Pessoa-atualizada-300x300.jpeg 300w, https:\/\/transformare.direito.ufmg.br\/wp-content\/uploads\/2025\/05\/Foto-Gabi-Pessoa-atualizada-150x150.jpeg 150w\" sizes=\"(max-width: 640px) 100vw, 640px\" \/><\/figure><div class=\"wp-block-media-text__content\">\n<h2 class=\"wp-block-heading\">Gabriela Pessoa<\/h2>\n\n\n\n<p>Assessora<\/p>\n<\/div><\/div>\n\n\n\n<div class=\"wp-block-media-text is-stacked-on-mobile\" style=\"grid-template-columns:39% auto\"><figure class=\"wp-block-media-text__media\"><img loading=\"lazy\" decoding=\"async\" width=\"720\" height=\"720\" src=\"https:\/\/transformare.direito.ufmg.br\/wp-content\/uploads\/2025\/05\/Foto-Lulu-atualizada-1.jpeg\" alt=\"\" class=\"wp-image-631 size-full\" srcset=\"https:\/\/transformare.direito.ufmg.br\/wp-content\/uploads\/2025\/05\/Foto-Lulu-atualizada-1.jpeg 720w, https:\/\/transformare.direito.ufmg.br\/wp-content\/uploads\/2025\/05\/Foto-Lulu-atualizada-1-300x300.jpeg 300w, https:\/\/transformare.direito.ufmg.br\/wp-content\/uploads\/2025\/05\/Foto-Lulu-atualizada-1-150x150.jpeg 150w\" sizes=\"(max-width: 720px) 100vw, 720px\" \/><\/figure><div class=\"wp-block-media-text__content\">\n<h2 class=\"wp-block-heading\">Luiza Alvarenga<\/h2>\n\n\n\n<p>Assessora<\/p>\n\n\n\n<p><\/p>\n<\/div><\/div>\n\n\n\n<h2 class=\"wp-block-heading has-text-align-center\"> <em>Diretoria de Gest\u00e3o de Pessoas e Qualidade &#8211; DGPQ<\/em><\/h2>\n\n\n\n<div class=\"wp-block-media-text is-stacked-on-mobile\" style=\"grid-template-columns:39% auto\"><figure class=\"wp-block-media-text__media\"><img loading=\"lazy\" decoding=\"async\" width=\"640\" height=\"640\" src=\"https:\/\/transformare.direito.ufmg.br\/wp-content\/uploads\/2025\/05\/Foto-Julia-Aquino-atualizada-1.jpeg\" alt=\"\" class=\"wp-image-679 size-full\" srcset=\"https:\/\/transformare.direito.ufmg.br\/wp-content\/uploads\/2025\/05\/Foto-Julia-Aquino-atualizada-1.jpeg 640w, https:\/\/transformare.direito.ufmg.br\/wp-content\/uploads\/2025\/05\/Foto-Julia-Aquino-atualizada-1-300x300.jpeg 300w, https:\/\/transformare.direito.ufmg.br\/wp-content\/uploads\/2025\/05\/Foto-Julia-Aquino-atualizada-1-150x150.jpeg 150w\" sizes=\"(max-width: 640px) 100vw, 640px\" \/><\/figure><div class=\"wp-block-media-text__content\">\n<h2 class=\"wp-block-heading\">Julia de Aquino<\/h2>\n\n\n\n<p>Diretora<\/p>\n<\/div><\/div>\n\n\n\n<div class=\"wp-block-media-text is-stacked-on-mobile\" style=\"grid-template-columns:39% auto\"><figure class=\"wp-block-media-text__media\"><img loading=\"lazy\" decoding=\"async\" width=\"630\" height=\"640\" src=\"https:\/\/transformare.direito.ufmg.br\/wp-content\/uploads\/2025\/05\/Foto-Amanda-atualizada-2-1.jpeg\" alt=\"\" class=\"wp-image-693 size-full\" srcset=\"https:\/\/transformare.direito.ufmg.br\/wp-content\/uploads\/2025\/05\/Foto-Amanda-atualizada-2-1.jpeg 630w, https:\/\/transformare.direito.ufmg.br\/wp-content\/uploads\/2025\/05\/Foto-Amanda-atualizada-2-1-295x300.jpeg 295w\" sizes=\"(max-width: 630px) 100vw, 630px\" \/><\/figure><div class=\"wp-block-media-text__content\">\n<h2 class=\"wp-block-heading\">Amanda Rodrigues<\/h2>\n\n\n\n<p>Assessora<\/p>\n<\/div><\/div>\n\n\n\n<div class=\"wp-block-media-text is-stacked-on-mobile\" style=\"grid-template-columns:39% auto\"><figure class=\"wp-block-media-text__media\"><img loading=\"lazy\" decoding=\"async\" width=\"640\" height=\"640\" src=\"https:\/\/transformare.direito.ufmg.br\/wp-content\/uploads\/2025\/05\/Foto-Giovana-atualizado.jpeg\" alt=\"\" class=\"wp-image-681 size-full\" srcset=\"https:\/\/transformare.direito.ufmg.br\/wp-content\/uploads\/2025\/05\/Foto-Giovana-atualizado.jpeg 640w, https:\/\/transformare.direito.ufmg.br\/wp-content\/uploads\/2025\/05\/Foto-Giovana-atualizado-300x300.jpeg 300w, https:\/\/transformare.direito.ufmg.br\/wp-content\/uploads\/2025\/05\/Foto-Giovana-atualizado-150x150.jpeg 150w\" sizes=\"(max-width: 640px) 100vw, 640px\" \/><\/figure><div class=\"wp-block-media-text__content\">\n<h2 class=\"wp-block-heading\">Giovana Luiza<\/h2>\n\n\n\n<p>Assessora<\/p>\n<\/div><\/div>\n\n\n\n<div class=\"wp-block-media-text is-stacked-on-mobile\" style=\"grid-template-columns:39% auto\"><figure class=\"wp-block-media-text__media\"><img loading=\"lazy\" decoding=\"async\" width=\"640\" height=\"640\" src=\"https:\/\/transformare.direito.ufmg.br\/wp-content\/uploads\/2025\/05\/Foto-Luna-atualizada.jpeg\" alt=\"\" class=\"wp-image-682 size-full\" srcset=\"https:\/\/transformare.direito.ufmg.br\/wp-content\/uploads\/2025\/05\/Foto-Luna-atualizada.jpeg 640w, https:\/\/transformare.direito.ufmg.br\/wp-content\/uploads\/2025\/05\/Foto-Luna-atualizada-300x300.jpeg 300w, https:\/\/transformare.direito.ufmg.br\/wp-content\/uploads\/2025\/05\/Foto-Luna-atualizada-150x150.jpeg 150w\" sizes=\"(max-width: 640px) 100vw, 640px\" \/><\/figure><div class=\"wp-block-media-text__content\">\n<p><\/p>\n\n\n\n<h2 class=\"wp-block-heading\">Luna Carvalho<\/h2>\n\n\n\n<p>Assessora<\/p>\n\n\n\n<p><\/p>\n<\/div><\/div>\n\n\n\n<h3 class=\"wp-block-heading\"><\/h3>\n\n\n\n<h2 class=\"wp-block-heading has-text-align-center\"><em>Diretoria Administrativa- Financeira<\/em> &#8211; DADMFIN<\/h2>\n\n\n\n<div class=\"wp-block-media-text is-stacked-on-mobile\" style=\"grid-template-columns:39% auto\"><figure class=\"wp-block-media-text__media\"><img loading=\"lazy\" decoding=\"async\" width=\"640\" height=\"640\" src=\"https:\/\/transformare.direito.ufmg.br\/wp-content\/uploads\/2025\/05\/Foto-Leticia-atualizada-2-1.jpeg\" alt=\"\" class=\"wp-image-677 size-full\" srcset=\"https:\/\/transformare.direito.ufmg.br\/wp-content\/uploads\/2025\/05\/Foto-Leticia-atualizada-2-1.jpeg 640w, https:\/\/transformare.direito.ufmg.br\/wp-content\/uploads\/2025\/05\/Foto-Leticia-atualizada-2-1-300x300.jpeg 300w, https:\/\/transformare.direito.ufmg.br\/wp-content\/uploads\/2025\/05\/Foto-Leticia-atualizada-2-1-150x150.jpeg 150w\" sizes=\"(max-width: 640px) 100vw, 640px\" \/><\/figure><div class=\"wp-block-media-text__content\">\n<h2 class=\"wp-block-heading\">Let\u00edcia Guimar\u00e3es <\/h2>\n\n\n\n<p>Diretora<\/p>\n<\/div><\/div>\n\n\n\n<div class=\"wp-block-media-text is-stacked-on-mobile\" style=\"grid-template-columns:39% auto\"><figure class=\"wp-block-media-text__media\"><img loading=\"lazy\" decoding=\"async\" width=\"640\" height=\"640\" src=\"https:\/\/transformare.direito.ufmg.br\/wp-content\/uploads\/2025\/05\/Foto-Fernanda-atualizado.jpeg\" alt=\"\" class=\"wp-image-683 size-full\" srcset=\"https:\/\/transformare.direito.ufmg.br\/wp-content\/uploads\/2025\/05\/Foto-Fernanda-atualizado.jpeg 640w, https:\/\/transformare.direito.ufmg.br\/wp-content\/uploads\/2025\/05\/Foto-Fernanda-atualizado-300x300.jpeg 300w, https:\/\/transformare.direito.ufmg.br\/wp-content\/uploads\/2025\/05\/Foto-Fernanda-atualizado-150x150.jpeg 150w\" sizes=\"(max-width: 640px) 100vw, 640px\" \/><\/figure><div class=\"wp-block-media-text__content\">\n<h2 class=\"wp-block-heading\">Fernanda Batista<\/h2>\n\n\n\n<p>Assessora<\/p>\n<\/div><\/div>\n\n\n\n<div class=\"wp-block-media-text is-stacked-on-mobile\" style=\"grid-template-columns:39% auto\"><figure class=\"wp-block-media-text__media\"><img loading=\"lazy\" decoding=\"async\" width=\"640\" height=\"640\" src=\"https:\/\/transformare.direito.ufmg.br\/wp-content\/uploads\/2025\/05\/Foto-Isadora-atualizada.jpeg\" alt=\"\" class=\"wp-image-684 size-full\" srcset=\"https:\/\/transformare.direito.ufmg.br\/wp-content\/uploads\/2025\/05\/Foto-Isadora-atualizada.jpeg 640w, https:\/\/transformare.direito.ufmg.br\/wp-content\/uploads\/2025\/05\/Foto-Isadora-atualizada-300x300.jpeg 300w, https:\/\/transformare.direito.ufmg.br\/wp-content\/uploads\/2025\/05\/Foto-Isadora-atualizada-150x150.jpeg 150w\" sizes=\"(max-width: 640px) 100vw, 640px\" \/><\/figure><div class=\"wp-block-media-text__content\">\n<h2 class=\"wp-block-heading\">Isadora Adrielle<\/h2>\n\n\n\n<p>Assessora<\/p>\n<\/div><\/div>\n<\/div><\/div>\n\n\n\n<div style=\"height:100px\" aria-hidden=\"true\" class=\"wp-block-spacer\"><\/div>\n\n\n\n<ul class=\"wp-block-social-links is-layout-flex wp-block-social-links-is-layout-flex\"><li class=\"wp-social-link wp-social-link-linkedin  wp-block-social-link\"><a href=\"https:\/\/www.linkedin.com\/company\/transformarejr\/?viewAsMember=true\" class=\"wp-block-social-link-anchor\"><svg width=\"24\" height=\"24\" viewBox=\"0 0 24 24\" version=\"1.1\" xmlns=\"http:\/\/www.w3.org\/2000\/svg\" aria-hidden=\"true\" focusable=\"false\"><path d=\"M19.7,3H4.3C3.582,3,3,3.582,3,4.3v15.4C3,20.418,3.582,21,4.3,21h15.4c0.718,0,1.3-0.582,1.3-1.3V4.3 C21,3.582,20.418,3,19.7,3z M8.339,18.338H5.667v-8.59h2.672V18.338z M7.004,8.574c-0.857,0-1.549-0.694-1.549-1.548 c0-0.855,0.691-1.548,1.549-1.548c0.854,0,1.547,0.694,1.547,1.548C8.551,7.881,7.858,8.574,7.004,8.574z M18.339,18.338h-2.669 v-4.177c0-0.996-0.017-2.278-1.387-2.278c-1.389,0-1.601,1.086-1.601,2.206v4.249h-2.667v-8.59h2.559v1.174h0.037 c0.356-0.675,1.227-1.387,2.526-1.387c2.703,0,3.203,1.779,3.203,4.092V18.338z\"><\/path><\/svg><span class=\"wp-block-social-link-label screen-reader-text\">LinkedIn<\/span><\/a><\/li>\n\n<li class=\"wp-social-link wp-social-link-youtube  wp-block-social-link\"><a href=\"https:\/\/www.youtube.com\/channel\/UCzP5WpVg2tXELwtDAvVeI2A\/featured\" class=\"wp-block-social-link-anchor\"><svg width=\"24\" height=\"24\" viewBox=\"0 0 24 24\" version=\"1.1\" xmlns=\"http:\/\/www.w3.org\/2000\/svg\" aria-hidden=\"true\" focusable=\"false\"><path d=\"M21.8,8.001c0,0-0.195-1.378-0.795-1.985c-0.76-0.797-1.613-0.801-2.004-0.847c-2.799-0.202-6.997-0.202-6.997-0.202 h-0.009c0,0-4.198,0-6.997,0.202C4.608,5.216,3.756,5.22,2.995,6.016C2.395,6.623,2.2,8.001,2.2,8.001S2,9.62,2,11.238v1.517 c0,1.618,0.2,3.237,0.2,3.237s0.195,1.378,0.795,1.985c0.761,0.797,1.76,0.771,2.205,0.855c1.6,0.153,6.8,0.201,6.8,0.201 s4.203-0.006,7.001-0.209c0.391-0.047,1.243-0.051,2.004-0.847c0.6-0.607,0.795-1.985,0.795-1.985s0.2-1.618,0.2-3.237v-1.517 C22,9.62,21.8,8.001,21.8,8.001z M9.935,14.594l-0.001-5.62l5.404,2.82L9.935,14.594z\"><\/path><\/svg><span class=\"wp-block-social-link-label screen-reader-text\">YouTube<\/span><\/a><\/li>\n\n<li class=\"wp-social-link wp-social-link-instagram  wp-block-social-link\"><a href=\"https:\/\/www.instagram.com\/transformarejunior\/\" class=\"wp-block-social-link-anchor\"><svg width=\"24\" height=\"24\" viewBox=\"0 0 24 24\" version=\"1.1\" xmlns=\"http:\/\/www.w3.org\/2000\/svg\" aria-hidden=\"true\" focusable=\"false\"><path d=\"M12,4.622c2.403,0,2.688,0.009,3.637,0.052c0.877,0.04,1.354,0.187,1.671,0.31c0.42,0.163,0.72,0.358,1.035,0.673 c0.315,0.315,0.51,0.615,0.673,1.035c0.123,0.317,0.27,0.794,0.31,1.671c0.043,0.949,0.052,1.234,0.052,3.637 s-0.009,2.688-0.052,3.637c-0.04,0.877-0.187,1.354-0.31,1.671c-0.163,0.42-0.358,0.72-0.673,1.035 c-0.315,0.315-0.615,0.51-1.035,0.673c-0.317,0.123-0.794,0.27-1.671,0.31c-0.949,0.043-1.233,0.052-3.637,0.052 s-2.688-0.009-3.637-0.052c-0.877-0.04-1.354-0.187-1.671-0.31c-0.42-0.163-0.72-0.358-1.035-0.673 c-0.315-0.315-0.51-0.615-0.673-1.035c-0.123-0.317-0.27-0.794-0.31-1.671C4.631,14.688,4.622,14.403,4.622,12 s0.009-2.688,0.052-3.637c0.04-0.877,0.187-1.354,0.31-1.671c0.163-0.42,0.358-0.72,0.673-1.035 c0.315-0.315,0.615-0.51,1.035-0.673c0.317-0.123,0.794-0.27,1.671-0.31C9.312,4.631,9.597,4.622,12,4.622 M12,3 C9.556,3,9.249,3.01,8.289,3.054C7.331,3.098,6.677,3.25,6.105,3.472C5.513,3.702,5.011,4.01,4.511,4.511 c-0.5,0.5-0.808,1.002-1.038,1.594C3.25,6.677,3.098,7.331,3.054,8.289C3.01,9.249,3,9.556,3,12c0,2.444,0.01,2.751,0.054,3.711 c0.044,0.958,0.196,1.612,0.418,2.185c0.23,0.592,0.538,1.094,1.038,1.594c0.5,0.5,1.002,0.808,1.594,1.038 c0.572,0.222,1.227,0.375,2.185,0.418C9.249,20.99,9.556,21,12,21s2.751-0.01,3.711-0.054c0.958-0.044,1.612-0.196,2.185-0.418 c0.592-0.23,1.094-0.538,1.594-1.038c0.5-0.5,0.808-1.002,1.038-1.594c0.222-0.572,0.375-1.227,0.418-2.185 C20.99,14.751,21,14.444,21,12s-0.01-2.751-0.054-3.711c-0.044-0.958-0.196-1.612-0.418-2.185c-0.23-0.592-0.538-1.094-1.038-1.594 c-0.5-0.5-1.002-0.808-1.594-1.038c-0.572-0.222-1.227-0.375-2.185-0.418C14.751,3.01,14.444,3,12,3L12,3z M12,7.378 c-2.552,0-4.622,2.069-4.622,4.622S9.448,16.622,12,16.622s4.622-2.069,4.622-4.622S14.552,7.378,12,7.378z M12,15 c-1.657,0-3-1.343-3-3s1.343-3,3-3s3,1.343,3,3S13.657,15,12,15z M16.804,6.116c-0.596,0-1.08,0.484-1.08,1.08 s0.484,1.08,1.08,1.08c0.596,0,1.08-0.484,1.08-1.08S17.401,6.116,16.804,6.116z\"><\/path><\/svg><span class=\"wp-block-social-link-label screen-reader-text\">Instagram<\/span><\/a><\/li><\/ul>\n\n\n\n<p><\/p>\n","protected":false},"excerpt":{"rendered":"<p>Transformare A&nbsp;Transformare Consultoria&nbsp;\u00e9 a empresa j\u00fanior vinculada ao curso de Ci\u00eancias do Estado da Universidade Federal de Minas Gerais (UFMG). Gerida exclusivamente por estudantes do curso, a empresa \u00e9 orientada por professores da UFMG e por profissionais egressos da \u00e1rea, que auxiliam na estrutura\u00e7\u00e3o de projetos e na presta\u00e7\u00e3o de [&hellip;]<\/p>\n","protected":false},"author":6,"featured_media":0,"parent":0,"menu_order":0,"comment_status":"closed","ping_status":"closed","template":"","meta":{"footnotes":""},"class_list":["post-68","page","type-page","status-publish","hentry"],"_links":{"self":[{"href":"https:\/\/transformare.direito.ufmg.br\/index.php?rest_route=\/wp\/v2\/pages\/68","targetHints":{"allow":["GET"]}}],"collection":[{"href":"https:\/\/transformare.direito.ufmg.br\/index.php?rest_route=\/wp\/v2\/pages"}],"about":[{"href":"https:\/\/transformare.direito.ufmg.br\/index.php?rest_route=\/wp\/v2\/types\/page"}],"author":[{"embeddable":true,"href":"https:\/\/transformare.direito.ufmg.br\/index.php?rest_route=\/wp\/v2\/users\/6"}],"replies":[{"embeddable":true,"href":"https:\/\/transformare.direito.ufmg.br\/index.php?rest_route=%2Fwp%2Fv2%2Fcomments&post=68"}],"version-history":[{"count":124,"href":"https:\/\/transformare.direito.ufmg.br\/index.php?rest_route=\/wp\/v2\/pages\/68\/revisions"}],"predecessor-version":[{"id":784,"href":"https:\/\/transformare.direito.ufmg.br\/index.php?rest_route=\/wp\/v2\/pages\/68\/revisions\/784"}],"wp:attachment":[{"href":"https:\/\/transformare.direito.ufmg.br\/index.php?rest_route=%2Fwp%2Fv2%2Fmedia&parent=68"}],"curies":[{"name":"wp","href":"https:\/\/api.w.org\/{rel}","templated":true}]}}